{"id":3986,"date":"2025-08-13T10:31:42","date_gmt":"2025-08-13T16:31:42","guid":{"rendered":"https:\/\/www.univas.com.mx\/es\/?page_id=3986"},"modified":"2025-09-18T10:46:38","modified_gmt":"2025-09-18T16:46:38","slug":"diseno-grafico-e-imagen-visual","status":"publish","type":"page","link":"https:\/\/www.univas.com.mx\/es\/diseno-grafico-e-imagen-visual\/","title":{"rendered":"Dise\u00f1o Gr\u00e1fico e Imagen Visual"},"content":{"rendered":"\n<div class=\"slider-wrapper relative\" id=\"slider-1022009566\" >\n    <div class=\"slider slider-nav-circle slider-nav-large slider-nav-light slider-style-normal\"\n        data-flickity-options='{\n            \"cellAlign\": \"center\",\n            \"imagesLoaded\": true,\n            \"lazyLoad\": 1,\n            \"freeScroll\": false,\n            \"wrapAround\": true,\n            \"autoPlay\": 6000,\n            \"pauseAutoPlayOnHover\" : true,\n            \"prevNextButtons\": true,\n            \"contain\" : true,\n            \"adaptiveHeight\" : true,\n            \"dragThreshold\" : 10,\n            \"percentPosition\": true,\n            \"pageDots\": true,\n            \"rightToLeft\": false,\n            \"draggable\": true,\n            \"selectedAttraction\": 0.1,\n            \"parallax\" : 0,\n            \"friction\": 0.6        }'\n        >\n        \n\n\n  <div class=\"banner has-hover has-video\" id=\"banner-893316493\">\n          <div class=\"banner-inner fill\">\n        <div class=\"banner-bg fill\" >\n            <div class=\"bg fill bg-fill \"><\/div>\n            \t<div class=\"video-overlay no-click fill hide-for-medium\"><\/div>\n\t<video class=\"video-bg fill hide-for-medium\" preload playsinline autoplay\n\t\tmuted\t\tloop>\n\t\t<source src=\"https:\/\/www.univas.com.mx\/es\/wp-content\/uploads\/2025\/08\/1682392_Desk_Macbook_1920x1080.mp4\" type=\"video\/mp4\">\t<\/video>\n            <div class=\"overlay\"><\/div>            \n                    <\/div>\n        <div class=\"banner-layers container\">\n            <div class=\"fill banner-link\"><\/div>            \n\n   <div id=\"text-box-1243628513\" class=\"text-box banner-layer x50 md-x50 lg-x50 y50 md-y50 lg-y50 res-text\">\n                                <div class=\"text-box-content text dark\">\n              \n              <div class=\"text-inner text-center\">\n                  \n\n<h3 class=\"uppercase\"><strong>Licenciatura en dise\u00f1o gr\u00e1fico<\/strong><\/h3>\n<h4>E IMAGEN VISUAL<\/h4>\n<div id=\"gtx-trans\" style=\"position: absolute; left: 112px; top: 44.5469px;\">\n<div class=\"gtx-trans-icon\">\u00a0<\/div>\n<\/div>\n\n              <\/div>\n           <\/div>\n                            \n<style>\n#text-box-1243628513 {\n  width: 60%;\n}\n#text-box-1243628513 .text-box-content {\n  font-size: 100%;\n}\n<\/style>\n    <\/div>\n \n\n        <\/div>\n      <\/div>\n\n            \n<style>\n#banner-893316493 {\n  padding-top: 500px;\n}\n#banner-893316493 .bg.bg-loaded {\n  background-image: url(https:\/\/www.univas.com.mx\/es\/wp-content\/uploads\/2025\/08\/Diseno-sin-titulo-42-1024x576.png);\n}\n#banner-893316493 .overlay {\n  background-color: rgba(0,0,0,.5);\n}\n<\/style>\n  <\/div>\n\n\n\n     <\/div>\n\n     <div class=\"loading-spin dark large centered\"><\/div>\n\n          <style>\n            #slider-1022009566 .flickity-slider > * { max-width: 1920px !important; }\n     <\/style>\n     \t<\/div>\n\n\n\t<div id=\"gap-1319467679\" class=\"gap-element clearfix\" style=\"display:block; height:auto;\">\n\t\t\n<style>\n#gap-1319467679 {\n  padding-top: 30px;\n}\n<\/style>\n\t<\/div>\n\t\n\n<div class=\"container section-title-container\" ><h3 class=\"section-title section-title-center\"><b><\/b><span class=\"section-title-main\" >ESTUDIALA EN SOLO SIETE CUATRIMESTRES<\/span><b><\/b><\/h3><\/div>\n\n<div class=\"row\"  id=\"row-943387226\">\n\n\n\t<div id=\"col-1097561222\" class=\"col medium-3 small-6 large-3\"  >\n\t\t\t\t<div class=\"col-inner\"  >\n\t\t\t\n\t\t\t\n\n\n  <div class=\"banner has-hover\" id=\"banner-1342836370\">\n          <div class=\"banner-inner fill\">\n        <div class=\"banner-bg fill\" >\n            <div class=\"bg fill bg-fill \"><\/div>\n                                    \n                    <\/div>\n        <div class=\"banner-layers container\">\n            <div class=\"fill banner-link\"><\/div>            \n\n   <div id=\"text-box-564973969\" class=\"text-box banner-layer x50 md-x50 lg-x50 y50 md-y50 lg-y50 res-text\">\n                                <div class=\"text-box-content text dark\">\n              \n              <div class=\"text-inner text-center\">\n                  \n\n<h1 class=\"uppercase\"><strong>TURNO MATUTINO<\/strong><\/h1>\n<div class=\"is-divider divider clearfix\" ><\/div>\n\n<h3>Clases de lunes a jueves de 8 am a 1 pm<\/h3>\n<div id=\"gtx-trans\" style=\"position: absolute; left: -38px; top: 46.5469px;\">\n<div class=\"gtx-trans-icon\">\u00a0<\/div>\n<\/div>\n\n              <\/div>\n           <\/div>\n                            \n<style>\n#text-box-564973969 {\n  width: 77%;\n}\n#text-box-564973969 .text-box-content {\n  font-size: 100%;\n}\n<\/style>\n    <\/div>\n \n\n        <\/div>\n      <\/div>\n\n            \n<style>\n#banner-1342836370 {\n  padding-top: 160px;\n  background-color: rgb(39, 130, 0);\n}\n<\/style>\n  <\/div>\n\n\n\n\t\t<\/div>\n\t\t\t\t\t<\/div>\n\n\t\n\n\t<div id=\"col-7893535\" class=\"col medium-3 small-6 large-3\"  >\n\t\t\t\t<div class=\"col-inner\"  >\n\t\t\t\n\t\t\t\n\n\n  <div class=\"banner has-hover\" id=\"banner-1402792687\">\n          <div class=\"banner-inner fill\">\n        <div class=\"banner-bg fill\" >\n            <div class=\"bg fill bg-fill \"><\/div>\n                                    \n                    <\/div>\n        <div class=\"banner-layers container\">\n            <div class=\"fill banner-link\"><\/div>            \n\n   <div id=\"text-box-30082764\" class=\"text-box banner-layer x50 md-x50 lg-x50 y50 md-y50 lg-y50 res-text\">\n                                <div class=\"text-box-content text dark\">\n              \n              <div class=\"text-inner text-center\">\n                  \n\n<h1 class=\"uppercase\"><strong>TURNO NOCTURNO<\/strong><\/h1>\n<div class=\"is-divider divider clearfix\" ><\/div>\n\n<p><H3>Clases de lunes a jueves de 6:30 pm a 9:30 pm<\/H3><\/p>\n\n              <\/div>\n           <\/div>\n                            \n<style>\n#text-box-30082764 {\n  width: 82%;\n}\n#text-box-30082764 .text-box-content {\n  font-size: 100%;\n}\n<\/style>\n    <\/div>\n \n\n        <\/div>\n      <\/div>\n\n            \n<style>\n#banner-1402792687 {\n  padding-top: 160px;\n  background-color: rgb(39, 130, 0);\n}\n<\/style>\n  <\/div>\n\n\n\n\t\t<\/div>\n\t\t\t\t\t<\/div>\n\n\t\n\n\t<div id=\"col-320743172\" class=\"col medium-3 small-6 large-3\"  >\n\t\t\t\t<div class=\"col-inner\"  >\n\t\t\t\n\t\t\t\n\n\n  <div class=\"banner has-hover\" id=\"banner-1099287908\">\n          <div class=\"banner-inner fill\">\n        <div class=\"banner-bg fill\" >\n            <div class=\"bg fill bg-fill \"><\/div>\n                                    \n                    <\/div>\n        <div class=\"banner-layers container\">\n            <div class=\"fill banner-link\"><\/div>            \n\n   <div id=\"text-box-53505111\" class=\"text-box banner-layer x50 md-x50 lg-x50 y50 md-y50 lg-y50 res-text\">\n                                <div class=\"text-box-content text dark\">\n              \n              <div class=\"text-inner text-center\">\n                  \n\n<h1 class=\"uppercase\"><strong>TURNO SABATINO<\/strong><\/h1>\n<div class=\"is-divider divider clearfix\" ><\/div>\n\n<p><H3>Clases solo los s\u00e1bados de 8 am a 3 pm<\/H3><\/p>\n\n              <\/div>\n           <\/div>\n                            \n<style>\n#text-box-53505111 {\n  width: 82%;\n}\n#text-box-53505111 .text-box-content {\n  font-size: 100%;\n}\n<\/style>\n    <\/div>\n \n\n        <\/div>\n      <\/div>\n\n            \n<style>\n#banner-1099287908 {\n  padding-top: 160px;\n  background-color: rgb(39, 130, 0);\n}\n<\/style>\n  <\/div>\n\n\n\n\t\t<\/div>\n\t\t\t\t\t<\/div>\n\n\t\n\n\t<div id=\"col-65630947\" class=\"col medium-3 small-6 large-3\"  >\n\t\t\t\t<div class=\"col-inner\"  >\n\t\t\t\n\t\t\t\n\n\n  <div class=\"banner has-hover\" id=\"banner-861267622\">\n          <div class=\"banner-inner fill\">\n        <div class=\"banner-bg fill\" >\n            <div class=\"bg fill bg-fill \"><\/div>\n                                    \n                    <\/div>\n        <div class=\"banner-layers container\">\n            <div class=\"fill banner-link\"><\/div>            \n\n   <div id=\"text-box-971812702\" class=\"text-box banner-layer x50 md-x50 lg-x50 y50 md-y50 lg-y50 res-text\">\n                                <div class=\"text-box-content text dark\">\n              \n              <div class=\"text-inner text-center\">\n                  \n\n<h1 class=\"uppercase\" style=\"text-align: center;\"><strong>TURNO dominical<\/strong><\/h1>\n<div id=\"gtx-trans\" style=\"position: absolute; left: 466px; top: 51.3594px;\">\n<div class=\"gtx-trans-icon\">\u00a0<\/div>\n<\/div>\n<div class=\"is-divider divider clearfix\" ><\/div>\n\n<h3>Clases solo los domingos de 8 am a 3 pm<\/h3>\n<div id=\"gtx-trans\" style=\"position: absolute; left: 141px; top: 47.1562px;\">\n<div class=\"gtx-trans-icon\">\u00a0<\/div>\n<\/div>\n\n              <\/div>\n           <\/div>\n                            \n<style>\n#text-box-971812702 {\n  width: 80%;\n}\n#text-box-971812702 .text-box-content {\n  font-size: 100%;\n}\n<\/style>\n    <\/div>\n \n\n        <\/div>\n      <\/div>\n\n            \n<style>\n#banner-861267622 {\n  padding-top: 160px;\n  background-color: rgb(39, 130, 0);\n}\n<\/style>\n  <\/div>\n\n\n\n\t\t<\/div>\n\t\t\t\t\t<\/div>\n\n\t\n\n<\/div>\n<div class=\"container section-title-container\" ><h3 class=\"section-title section-title-normal\"><b><\/b><span class=\"section-title-main\" >Objetivo general de la carrera<\/span><b><\/b><\/h3><\/div>\n\n<div class=\"row\"  id=\"row-1185216949\">\n\n\n\t<div id=\"col-1981249361\" class=\"col small-12 large-12\"  >\n\t\t\t\t<div class=\"col-inner\"  >\n\t\t\t\n\t\t\t\n\n<p>Formar profesionales en las nuevas tecnolog\u00edas y lenguajes del dise\u00f1o de la comunicaci\u00f3n visual con una formaci\u00f3n acad\u00e9mica y humana abierta y arm\u00f3nica en lo intelectual, social y profesional, que puedan contribuir a la vitalidad cultural y econ\u00f3mica de su comunidad.<\/p>\n<p><strong>Particulares<\/strong><\/p>\n<ol>\n<li>Potenciar la investigaci\u00f3n en los \u00e1mbitos del dise\u00f1o de la comunicaci\u00f3n visual, entendiendo los nuevos comportamientos sociales y culturales, y utilizando creativamente los nuevos lenguajes tecnol\u00f3gicos y art\u00edsticos<\/li>\n<li>Formar profesionales capaces de aplicar estos conocimientos en la producci\u00f3n de objetos gr\u00e1ficos, de dise\u00f1o editorial, dise\u00f1o de los medios audiovisuales y gr\u00e1fica monumental en los campos educativo, informativo, cultural y art\u00edstico.<\/li>\n<\/ol>\n<p><strong>RVOE: 0528258429<\/strong><\/p>\n<div class=\"container section-title-container\" ><h3 class=\"section-title section-title-center\"><b><\/b><span class=\"section-title-main\" >plan de estudios<\/span><b><\/b><\/h3><\/div>\n\n\t<div id=\"text-2179242950\" class=\"text\">\n\t\t\n\n<h3 class=\"uppercase\">estudia en 7 CUATRIMESTRES<\/h3>\n<p>Conoce nuestro plan de estudios de 2.5 A\u00d1OS<\/p>\n\t\t\n<style>\n#text-2179242950 {\n  text-align: center;\n}\n<\/style>\n\t<\/div>\n\t\n\n\t\t<\/div>\n\t\t\t\t\t<\/div>\n\n\t\n\n<\/div>\n<div class=\"row\"  id=\"row-501814011\">\n\n\n\t<div id=\"col-1098095621\" class=\"col medium-4 small-12 large-4\"  >\n\t\t\t\t<div class=\"col-inner\"  >\n\t\t\t\n\t\t\t\n\n<div><strong>PRIMER CUATRIMESTRE<\/strong><\/div>\n<div>\u00a0<\/div>\n<div>\n<ul>\n<li>Dibujo I<\/li>\n<li>Dise\u00f1o I<\/li>\n<li>Geometr\u00eda I<\/li>\n<li>Teor\u00eda de la imagen I<\/li>\n<li>Teor\u00eda de la Comunicaci\u00f3n I<\/li>\n<li>Teor\u00eda del Arte I<\/li>\n<\/ul>\n<\/div>\n\n\t\t<\/div>\n\t\t\t\t\t<\/div>\n\n\t\n\n\t<div id=\"col-144496932\" class=\"col medium-4 small-12 large-4\"  >\n\t\t\t\t<div class=\"col-inner\"  >\n\t\t\t\n\t\t\t\n\n<div><strong><strong>SEGUNDO CUATRIMESTRE<\/strong><\/strong><\/p>\n<ul>\n<li>Dibujo II<\/li>\n<li>Dise\u00f1o II<\/li>\n<li>Geometr\u00eda II<\/li>\n<li>Teor\u00eda de la Imagen II<\/li>\n<li>Teor\u00eda de la Comunicaci\u00f3n II<\/li>\n<li>Teor\u00eda del arte II<\/li>\n<\/ul>\n<\/div>\n<div>\u00a0<\/div>\n<div>\u00a0<\/div>\n\n\t\t<\/div>\n\t\t\t\t\t<\/div>\n\n\t\n\n\t<div id=\"col-296811020\" class=\"col medium-4 small-12 large-4\"  >\n\t\t\t\t<div class=\"col-inner\"  >\n\t\t\t\n\t\t\t\n\n<div><strong>TERCER CUATRIMESTRE<\/strong><\/div>\n<div>\u00a0<\/div>\n<div>\n<ul>\n<li>Dibujo III<\/li>\n<li>Fotograf\u00eda I<\/li>\n<li>T\u00e9cnicas y sistemas de Impresi\u00f3n I<\/li>\n<li>Introducci\u00f3n a la Tecnolog\u00eda Digital I<\/li>\n<li>Teor\u00eda de la Comunicaci\u00f3n III<\/li>\n<li>Econom\u00eda para la Comunicaci\u00f3n Visual<\/li>\n<\/ul>\n<\/div>\n\n\t\t<\/div>\n\t\t\t\t\t<\/div>\n\n\t\n\n<\/div>\n<div class=\"row\"  id=\"row-19300888\">\n\n\n\t<div id=\"col-541557383\" class=\"col medium-4 small-12 large-4\"  >\n\t\t\t\t<div class=\"col-inner\"  >\n\t\t\t\n\t\t\t\n\n<div><strong>CUARTO CUATRIMESTRE<\/strong><\/div>\n<div>\u00a0<\/div>\n<div>\n<ul>\n<li>Dise\u00f1o III<\/li>\n<li>Fotograf\u00eda II<\/li>\n<li>T\u00e9cnicas y sistemas de Impresi\u00f3n II<\/li>\n<li>Introducci\u00f3n a la Tecnolog\u00eda Digital II<\/li>\n<li>Teor\u00eda de la Comunicaci\u00f3n IV<\/li>\n<li>Imagen y Sociedad<\/li>\n<\/ul>\n<\/div>\n\n\t\t<\/div>\n\t\t\t\t\t<\/div>\n\n\t\n\n\t<div id=\"col-1429621501\" class=\"col medium-4 small-12 large-4\"  >\n\t\t\t\t<div class=\"col-inner\"  >\n\t\t\t\n\t\t\t\n\n<div><strong>QUINTO CUATRIMESTRE<\/strong><\/div>\n<div>\u00a0<\/div>\n<div>\n<ul>\n<li>Dise\u00f1o IV\u00a0<\/li>\n<li>Fotograf\u00eda III<\/li>\n<li>Laboratorio de Dise\u00f1o Editorial<\/li>\n<li>Medios de Comunicaci\u00f3n I<\/li>\n<li>Producci\u00f3n Audiovisual I<\/li>\n<li>Semi\u00f3tica<\/li>\n<\/ul>\n<\/div>\n\n\t\t<\/div>\n\t\t\t\t\t<\/div>\n\n\t\n\n\t<div id=\"col-598567583\" class=\"col medium-4 small-12 large-4\"  >\n\t\t\t\t<div class=\"col-inner\"  >\n\t\t\t\n\t\t\t\n\n<div><strong>SEXTO CUATRIMESTRE<\/strong><\/div>\n<div>\u00a0<\/div>\n<div>\n<ul>\n<li>Dise\u00f1o V<\/li>\n<li>Fotograf\u00eda IV<\/li>\n<li>Administraci\u00f3n para la Comunicaci\u00f3n Visual<\/li>\n<li>Medios de Comunicaci\u00f3n II<\/li>\n<li>Producci\u00f3n Audiovisual II<\/li>\n<li>Mercadotecnia para la Comunicaci\u00f3n Visual\u00a0<\/li>\n<\/ul>\n<\/div>\n\n\t\t<\/div>\n\t\t\t\t\t<\/div>\n\n\t\n\n<\/div>\n<div class=\"row\"  id=\"row-223144980\">\n\n\n\t<div id=\"col-699087899\" class=\"col medium-4 small-12 large-4\"  >\n\t\t\t\t<div class=\"col-inner\"  >\n\t\t\t\n\t\t\t\n\n<div><strong>SEPTIMO CUATRIMESTRE<\/strong><\/div>\n<div>\u00a0<\/div>\n<div>\n<ul>\n<li>fotograf\u00eda especializada<\/li>\n<li>Multimedia<\/li>\n<li>Ilustraci\u00f3n<\/li>\n<li>Animaci\u00f3n<\/li>\n<li>Animaci\u00f3n digital<\/li>\n<li>Taller de serigraf\u00eda<\/li>\n<\/ul>\n<\/div>\n\n\t\t<\/div>\n\t\t\t\t\t<\/div>\n\n\t\n\n\t<div id=\"col-246850183\" class=\"col medium-4 small-12 large-4\"  >\n\t\t\t\t<div class=\"col-inner\"  >\n\t\t\t\n\t\t\t\n\n\n\t\t<\/div>\n\t\t\t\t\t<\/div>\n\n\t\n\n\t<div id=\"col-475949692\" class=\"col medium-4 small-12 large-4\"  >\n\t\t\t\t<div class=\"col-inner\"  >\n\t\t\t\n\t\t\t\n\n\n\t\t<\/div>\n\t\t\t\t\t<\/div>\n\n\t\n\n<\/div>\n<div class=\"text-center\"><div class=\"is-divider divider clearfix\" style=\"max-width:200px;background-color:rgb(41, 153, 25);\"><\/div><\/div>\n\n<div class=\"row\"  id=\"row-829733460\">\n\n\n\t<div id=\"col-71905912\" class=\"col small-12 large-12\"  >\n\t\t\t\t<div class=\"col-inner\"  >\n\t\t\t\n\t\t\t\n\n\n\t\t<div class=\"tabbed-content\">\n\t\t\t<h4 class=\"uppercase text-left\">PERFIL DE EGRESO<\/h4>\n\t\t\t<ul class=\"nav nav-pills nav-uppercase nav-size-normal nav-left\"><li class=\"tab active has-icon\"><a href=\"#tab_conocimientos\"><span>CONOCIMIENTOS<\/span><\/a><\/li>\n<li class=\"tab has-icon\"><a href=\"#tab_habilidades\"><span>HABILIDADES<\/span><\/a><\/li>\n<li class=\"tab has-icon\"><a href=\"#tab_actitudes\"><span>ACTITUDES<\/span><\/a><\/li>\n<li class=\"tab has-icon\"><a href=\"#tab_destrezas\"><span>DESTREZAS<\/span><\/a><\/li><\/ul><div class=\"tab-panels\"><div class=\"panel active entry-content\" id=\"tab_conocimientos\">\n\n<ul>\n<li><strong>Principios de Dise\u00f1o Gr\u00e1fico: <\/strong>Comprender los fundamentos del dise\u00f1o, incluyendo la composici\u00f3n, el equilibrio, la jerarqu\u00eda visual, la tipograf\u00eda y el uso del color.<\/li>\n<li><strong>Historia del Dise\u00f1o y Comunicaci\u00f3n Visual: <\/strong>Adquirir conocimientos sobre la evoluci\u00f3n hist\u00f3rica del dise\u00f1o gr\u00e1fico y la comunicaci\u00f3n visual, as\u00ed como sobre los estilos y movimientos relevantes.<\/li>\n<li><strong>Teor\u00edas de la Comunicaci\u00f3n Visual: <\/strong>Conocer las teor\u00edas que respaldan la comunicaci\u00f3n visual, incluyendo la semi\u00f3tica, la psicolog\u00eda del color y la teor\u00eda de la gestalt.<\/li>\n<li><strong>Herramientas y Software de Dise\u00f1o: <\/strong>Dominar el uso de software especializado en dise\u00f1o gr\u00e1fico, como Adobe Creative Suite (Photoshop, Illustrator, InDesign) y otras herramientas relevantes.<\/li>\n<li><strong>Dise\u00f1o para Medios Impresos: <\/strong>Adquirir conocimientos espec\u00edficos sobre el dise\u00f1o de materiales impresos, como libros, revistas, carteles y empaques.<\/li>\n<li><strong>Dise\u00f1o para Medios Digitales: <\/strong>Entender los principios del dise\u00f1o digital, incluyendo la creaci\u00f3n de interfaces de usuario (UI) y la consideraci\u00f3n de la experiencia del usuario (UX).<\/li>\n<li><strong>Fotograf\u00eda y Manipulaci\u00f3n de Im\u00e1genes: <\/strong>Conocer t\u00e9cnicas b\u00e1sicas de fotograf\u00eda y habilidades para la manipulaci\u00f3n de im\u00e1genes digitales.<\/li>\n<li><strong>Dise\u00f1o de Identidad Corporativa: <\/strong>Familiarizarse con la creaci\u00f3n y gesti\u00f3n de identidades visuales corporativas, incluyendo el dise\u00f1o de logotipos y sistemas de marca.<\/li>\n<li><strong>Dise\u00f1o de Sistemas de Se\u00f1alizaci\u00f3n: <\/strong>Aprender a dise\u00f1ar sistemas de se\u00f1alizaci\u00f3n efectivos para espacios comerciales, institucionales o eventos.<\/li>\n<li><strong>Investigaci\u00f3n de Mercado y Audiencia: <\/strong>Desarrollar habilidades para realizar investigaciones de mercado y entender a la audiencia, fundamentales para el dise\u00f1o centrado en el usuario.<\/li>\n<li><strong>Tendencias y Actualizaciones Tecnol\u00f3gicas: <\/strong>Mantenerse al tanto de las tendencias emergentes en dise\u00f1o gr\u00e1fico y comunicaci\u00f3n visual, as\u00ed como adaptarse a las nuevas tecnolog\u00edas y herramientas.<\/li>\n<li><strong>\u00c9tica y Responsabilidad Profesional: <\/strong>Comprender los principios \u00e9ticos en el dise\u00f1o gr\u00e1fico y la responsabilidad hacia los clientes, colegas y la sociedad en general.<\/li>\n<\/ul>\n\n<\/div>\n<div class=\"panel entry-content\" id=\"tab_habilidades\">\n\n<ul>\n<li>Demuestre la asimilaci\u00f3n de conocimientos te\u00f3ricos y pr\u00e1cticos dados en las diferentes \u00e1reas del conocimiento. Esto es, la comprensi\u00f3n, la interrelaci\u00f3n, el enriquecimiento y la sustentaci\u00f3n conceptual y formal de sus trabajos.<\/li>\n<li>Manifieste la interrelaci\u00f3n de t\u00e9cnicas y modos de representaci\u00f3n.<\/li>\n<li>Utilice las metodolog\u00edas para la investigaci\u00f3n en forma amplia y que las aplique tanto en el \u00e1rea te\u00f3rica como en el \u00e1rea pr\u00e1ctica.<\/li>\n<li>Demuestre diversidad en tem\u00e1ticas, im\u00e1genes, t\u00e9cnicas y materiales.<\/li>\n<li>Incorpore sensiblemente los espacios, objetos, movimientos, etc\u00e9tera, de su entorno (naturaleza y cultura) a sus experiencias de aprendizaje en dise\u00f1o.<\/li>\n<li>Manifieste la asimilaci\u00f3n de significados, la calidad est\u00e9tica y la expresi\u00f3n pl\u00e1stica en la comunicaci\u00f3n visual.<\/li>\n<li>Utilice el l\u00e9xico propio del dise\u00f1o y la comunicaci\u00f3n en sus exposiciones verbales, y que particularice su contexto.<\/li>\n<li>Demuestre comprensi\u00f3n, jerarquizaci\u00f3n y claridad sobre los objetivos y procesos de las \u00e1reas de conocimiento.<\/li>\n<li>Obtenga un producto de calidad est\u00e9tica y funcional en la realizaci\u00f3n formal de sus conceptos.<\/li>\n<li>Manifieste calidad en la reflexi\u00f3n y autocr\u00edtica hacia sus trabajos.<\/li>\n<li>Demuestre conciencia social, pol\u00edtica, econ\u00f3mica y cultural y ecol\u00f3gica que resuelva problemas en beneficio de la productividad y desarrollo de nuestro pa\u00eds.<\/li>\n<li>Demuestre \u00e9tica profesional y honestidad al estructurar y desarrollar mensajes que por sus caracter\u00edsticas individuales puedan producir una inducci\u00f3n inconsciente en los receptores seleccionados.<\/li>\n<li>Se interese por las actividades de orden acad\u00e9mico, proponga y desarrolle proyectos de investigaci\u00f3n generados por las necesidades del mercado de trabajo potencial.<\/li>\n<li>Demuestre el inter\u00e9s necesario para aceptar responsabilidades de car\u00e1cter directivo y de organizaci\u00f3n en la formulaci\u00f3n y elaboraci\u00f3n de proyectos de difusion masiva.<\/li>\n<li>Tenga la capacidad de tolerancia y respeto para otras opiniones dentro de su trabajo profesional y ser capaz de crear y conservar la armon\u00eda en la convivencia con sus cong\u00e9neres y valore la importancia de la conciliaci\u00f3n de intereses divergentes.<\/li>\n<li>Demuestre el conocimiento y control en el manejo de personal y facilidad de acoplamiento par trabajar en grupo.<\/li>\n<li>Demuestre la capacidad y control para la toma de decisiones.<\/li>\n<\/ul>\n\n<\/div>\n<div class=\"panel entry-content\" id=\"tab_actitudes\">\n\n<ul>\n<li>S\u00f3lida vocaci\u00f3n de servicio hacia el ser humano y la sociedad<\/li>\n<li>Facilidad de trato social y en equipo<\/li>\n<li>Competencias y destrezas para enfrentar situaciones dif\u00edciles y capacidad para tomar decisiones<\/li>\n<li>Anal\u00edtica, cr\u00edtica e innovadora<\/li>\n<li>Esp\u00edritu negociador y conciliador<\/li>\n<li>Propositiva<\/li>\n<li>Asertiva<\/li>\n<li>\u00c9tica en su desempe\u00f1o profesional<\/li>\n<li>Disposici\u00f3n para el trabajo individual y colectivo inter y multidisciplinario<\/li>\n<\/ul>\n\n<\/div>\n<div class=\"panel entry-content\" id=\"tab_destrezas\">\n\n<ul>\n<li>Es capaz de generar, estructurar y coordinar la producci\u00f3n de mensajes audiovisuales, procesos fotogr\u00e1ficos profesionales en cualquiera de sus g\u00e9neros (comercial, social, reportaje, educativa, deportiva, glamour, entre otros) y producci\u00f3n multimedia de escritorio y escenogr\u00e1fica.<\/li>\n<li>Su principal campo de desarrollo se encuentra en la relaci\u00f3n entre la imagen y el tiempo, ya sea por medio de discursos constituidos por series de im\u00e1genes o por aquellos mensajes que utilizan las im\u00e1genes en movimiento.<\/li>\n<li>Parte importante de su trabajo est\u00e1 en la integraci\u00f3n de mensajes visuales y sonoros asistidos por la tecnolog\u00eda de vanguardia en aspectos computacionales.<\/li>\n<li>Capaz de planear, integrar, dirigir y organizar las diferentes partes del proceso de edici\u00f3n de una publicaci\u00f3n, as\u00ed como de evaluar y organizar los elementos materiales, mec\u00e1nicos y humanos inherentes a este proceso.<\/li>\n<li>Para alcanzar este objetivo, su preparaci\u00f3n abarcar\u00e1 tres grandes \u00e1reas: dise\u00f1o gr\u00e1fico, edici\u00f3n y producci\u00f3n.<\/li>\n<li>Ser\u00e1 capaz de planear, dirigir y realizar procesos de investigaci\u00f3n y desarrollo de nuevos productos editoriales.<\/li>\n<\/ul>\n\n<\/div><\/div><\/div>\n\n\t\t<\/div>\n\t\t\t\t\t<\/div>\n\n\t\n\n<\/div>\n<div class=\"text-center\"><div class=\"is-divider divider clearfix\" style=\"max-width:60px;background-color:rgb(11, 145, 24);\"><\/div><\/div>\n\n<div class=\"message-box relative dark\" style=\"padding-top:32px;padding-bottom:32px;\"><div class=\"message-box-bg-image bg-fill fill\" ><\/div><div class=\"message-box-bg-overlay bg-fill fill\" style=\"background-color:rgb(1, 119, 43);\"><\/div><div class=\"container relative\"><div class=\"inner last-reset\">\n\n<div class=\"row align-middle align-center\"  id=\"row-802314342\">\n\n\n\t<div id=\"col-502216033\" class=\"col medium-7 small-12 large-7\"  >\n\t\t\t\t<div class=\"col-inner\"  >\n\t\t\t\n\t\t\t\n\n\t<div id=\"text-964284580\" class=\"text\">\n\t\t\n\n<h4>Inscripciones abiertas para los ciclos de enero, mayo y septiembre de cada a\u00f1o.<\/h4>\n\t\t\n<style>\n#text-964284580 {\n  text-align: center;\n}\n<\/style>\n\t<\/div>\n\t\n\n\t\t<\/div>\n\t\t\t\t\t<\/div>\n\n\t\n\n\t<div id=\"col-683848208\" class=\"col medium-4 small-12 large-4\"  >\n\t\t\t\t<div class=\"col-inner text-center\"  >\n\t\t\t\n\t\t\t\n\n<a href=\"https:\/\/www.univas.com.mx\/es\/product\/inscripcion-universidad-presencial\/\" target=\"_self\" class=\"button white is-outline\"  style=\"border-radius:99px;\">\n    <span>INSCR\u00cdBETE AQU\u00cd<\/span>\n  <\/a>\n\n\n\n\t\t<\/div>\n\t\t\t\t\t<\/div>\n\n\t\n\n<\/div>\n\n<\/div><\/div><\/div>\n\n","protected":false},"excerpt":{"rendered":"Licenciatura en dise\u00f1o gr\u00e1fico E IMAGEN VISUAL \u00a0 ESTUDIALA EN SOLO SIETE CUATRIMESTRES TURNO MATUTINO Clases de lunes a jueves de 8 am a 1 pm \u00a0 TURNO NOCTURNO Clases de lunes a jueves de 6:30 pm a 9:30 pm TURNO SABATINO Clases solo los s\u00e1bados de 8 am a 3 pm TURNO dominical \u00a0 [...]","protected":false},"author":54,"featured_media":0,"parent":0,"menu_order":0,"comment_status":"closed","ping_status":"closed","template":"page-blank.php","meta":{"footnotes":""},"class_list":["post-3986","page","type-page","status-publish","hentry"],"_links":{"self":[{"href":"https:\/\/www.univas.com.mx\/es\/wp-json\/wp\/v2\/pages\/3986","targetHints":{"allow":["GET"]}}],"collection":[{"href":"https:\/\/www.univas.com.mx\/es\/wp-json\/wp\/v2\/pages"}],"about":[{"href":"https:\/\/www.univas.com.mx\/es\/wp-json\/wp\/v2\/types\/page"}],"author":[{"embeddable":true,"href":"https:\/\/www.univas.com.mx\/es\/wp-json\/wp\/v2\/users\/54"}],"replies":[{"embeddable":true,"href":"https:\/\/www.univas.com.mx\/es\/wp-json\/wp\/v2\/comments?post=3986"}],"version-history":[{"count":9,"href":"https:\/\/www.univas.com.mx\/es\/wp-json\/wp\/v2\/pages\/3986\/revisions"}],"predecessor-version":[{"id":4256,"href":"https:\/\/www.univas.com.mx\/es\/wp-json\/wp\/v2\/pages\/3986\/revisions\/4256"}],"wp:attachment":[{"href":"https:\/\/www.univas.com.mx\/es\/wp-json\/wp\/v2\/media?parent=3986"}],"curies":[{"name":"wp","href":"https:\/\/api.w.org\/{rel}","templated":true}]}}