{"id":3981,"date":"2025-08-11T10:44:27","date_gmt":"2025-08-11T16:44:27","guid":{"rendered":"https:\/\/www.univas.com.mx\/es\/?page_id=3981"},"modified":"2025-08-15T08:53:44","modified_gmt":"2025-08-15T14:53:44","slug":"desarrollo-humano-y-envejecimiento","status":"publish","type":"page","link":"https:\/\/www.univas.com.mx\/es\/desarrollo-humano-y-envejecimiento\/","title":{"rendered":"Desarrollo Humano y Envejecimiento"},"content":{"rendered":"\n<div class=\"slider-wrapper relative\" id=\"slider-244285036\" >\n    <div class=\"slider slider-nav-circle slider-nav-large slider-nav-light slider-style-normal\"\n        data-flickity-options='{\n            \"cellAlign\": \"center\",\n            \"imagesLoaded\": true,\n            \"lazyLoad\": 1,\n            \"freeScroll\": false,\n            \"wrapAround\": true,\n            \"autoPlay\": 6000,\n            \"pauseAutoPlayOnHover\" : true,\n            \"prevNextButtons\": true,\n            \"contain\" : true,\n            \"adaptiveHeight\" : true,\n            \"dragThreshold\" : 10,\n            \"percentPosition\": true,\n            \"pageDots\": true,\n            \"rightToLeft\": false,\n            \"draggable\": true,\n            \"selectedAttraction\": 0.1,\n            \"parallax\" : 0,\n            \"friction\": 0.6        }'\n        >\n        \n\n\n  <div class=\"banner has-hover has-video\" id=\"banner-1821401963\">\n          <div class=\"banner-inner fill\">\n        <div class=\"banner-bg fill\" >\n            <div class=\"bg fill bg-fill \"><\/div>\n            \t<div class=\"video-overlay no-click fill hide-for-medium\"><\/div>\n\t<video class=\"video-bg fill hide-for-medium\" preload playsinline autoplay\n\t\tmuted\t\tloop>\n\t\t<source src=\"https:\/\/www.univas.com.mx\/es\/wp-content\/uploads\/2025\/08\/0_Nurse_Elderly_Woman_1920x1080.mp4\" type=\"video\/mp4\">\t<\/video>\n            <div class=\"overlay\"><\/div>            \n                    <\/div>\n        <div class=\"banner-layers container\">\n            <div class=\"fill banner-link\"><\/div>            \n\n   <div id=\"text-box-1980983752\" class=\"text-box banner-layer x50 md-x50 lg-x50 y50 md-y50 lg-y50 res-text\">\n                                <div class=\"text-box-content text dark\">\n              \n              <div class=\"text-inner text-center\">\n                  \n\n<h3>\u00a0<\/h3>\n<h3>\u00a0<\/h3>\n<h3>\u00a0<\/h3>\n<h3>\u00a0<\/h3>\n<h3 class=\"uppercase\"><strong>licenciatura en Desarrollo humano y envejecimiento<\/strong><\/h3>\n<p>Estudia tu carrera en solo 2.5 a\u00f1os<\/p>\n\n              <\/div>\n           <\/div>\n                            \n<style>\n#text-box-1980983752 {\n  width: 60%;\n}\n#text-box-1980983752 .text-box-content {\n  font-size: 100%;\n}\n<\/style>\n    <\/div>\n \n\n        <\/div>\n      <\/div>\n\n            \n<style>\n#banner-1821401963 {\n  padding-top: 500px;\n}\n#banner-1821401963 .bg.bg-loaded {\n  background-image: url(https:\/\/www.univas.com.mx\/es\/wp-content\/uploads\/2025\/08\/Diseno-sin-titulo-41.png);\n}\n#banner-1821401963 .overlay {\n  background-color: rgba(0,0,0,.5);\n}\n<\/style>\n  <\/div>\n\n\n\n     <\/div>\n\n     <div class=\"loading-spin dark large centered\"><\/div>\n\n     \t<\/div>\n\n\n\t<div id=\"gap-1546100814\" class=\"gap-element clearfix\" style=\"display:block; height:auto;\">\n\t\t\n<style>\n#gap-1546100814 {\n  padding-top: 30px;\n}\n<\/style>\n\t<\/div>\n\t\n\n<div class=\"container section-title-container\" ><h3 class=\"section-title section-title-center\"><b><\/b><span class=\"section-title-main\" >ESTUDIALA EN SOLO SIETE CUATRIMESTRES<\/span><b><\/b><\/h3><\/div>\n\n<div class=\"row\"  id=\"row-708929572\">\n\n\n\t<div id=\"col-901350618\" class=\"col medium-3 small-6 large-3\"  >\n\t\t\t\t<div class=\"col-inner\"  >\n\t\t\t\n\t\t\t\n\n\n  <div class=\"banner has-hover\" id=\"banner-1505360699\">\n          <div class=\"banner-inner fill\">\n        <div class=\"banner-bg fill\" >\n            <div class=\"bg fill bg-fill \"><\/div>\n                                    \n                    <\/div>\n        <div class=\"banner-layers container\">\n            <div class=\"fill banner-link\"><\/div>            \n\n   <div id=\"text-box-1734084160\" class=\"text-box banner-layer x50 md-x50 lg-x50 y50 md-y50 lg-y50 res-text\">\n                                <div class=\"text-box-content text dark\">\n              \n              <div class=\"text-inner text-center\">\n                  \n\n<h1 class=\"uppercase\"><strong>TURNO MATUTINO<\/strong><\/h1>\n<div class=\"is-divider divider clearfix\" ><\/div>\n\n<h3>Clases de lunes a jueves de 8 am a 1 pm<\/h3>\n<div id=\"gtx-trans\" style=\"position: absolute; left: -38px; top: 46.5469px;\">\n<div class=\"gtx-trans-icon\">\u00a0<\/div>\n<\/div>\n\n              <\/div>\n           <\/div>\n                            \n<style>\n#text-box-1734084160 {\n  width: 77%;\n}\n#text-box-1734084160 .text-box-content {\n  font-size: 100%;\n}\n<\/style>\n    <\/div>\n \n\n        <\/div>\n      <\/div>\n\n            \n<style>\n#banner-1505360699 {\n  padding-top: 160px;\n  background-color: rgb(39, 130, 0);\n}\n<\/style>\n  <\/div>\n\n\n\n\t\t<\/div>\n\t\t\t\t\t<\/div>\n\n\t\n\n\t<div id=\"col-1393944543\" class=\"col medium-3 small-6 large-3\"  >\n\t\t\t\t<div class=\"col-inner\"  >\n\t\t\t\n\t\t\t\n\n\n  <div class=\"banner has-hover\" id=\"banner-1586208559\">\n          <div class=\"banner-inner fill\">\n        <div class=\"banner-bg fill\" >\n            <div class=\"bg fill bg-fill \"><\/div>\n                                    \n                    <\/div>\n        <div class=\"banner-layers container\">\n            <div class=\"fill banner-link\"><\/div>            \n\n   <div id=\"text-box-2068787736\" class=\"text-box banner-layer x50 md-x50 lg-x50 y50 md-y50 lg-y50 res-text\">\n                                <div class=\"text-box-content text dark\">\n              \n              <div class=\"text-inner text-center\">\n                  \n\n<h1 class=\"uppercase\"><strong>TURNO NOCTURNO<\/strong><\/h1>\n<div class=\"is-divider divider clearfix\" ><\/div>\n\n<p><H3>Clases de lunes a jueves de 6:30 pm a 9:30 pm<\/H3><\/p>\n\n              <\/div>\n           <\/div>\n                            \n<style>\n#text-box-2068787736 {\n  width: 82%;\n}\n#text-box-2068787736 .text-box-content {\n  font-size: 100%;\n}\n<\/style>\n    <\/div>\n \n\n        <\/div>\n      <\/div>\n\n            \n<style>\n#banner-1586208559 {\n  padding-top: 160px;\n  background-color: rgb(39, 130, 0);\n}\n<\/style>\n  <\/div>\n\n\n\n\t\t<\/div>\n\t\t\t\t\t<\/div>\n\n\t\n\n\t<div id=\"col-1232820584\" class=\"col medium-3 small-6 large-3\"  >\n\t\t\t\t<div class=\"col-inner\"  >\n\t\t\t\n\t\t\t\n\n\n  <div class=\"banner has-hover\" id=\"banner-1117634141\">\n          <div class=\"banner-inner fill\">\n        <div class=\"banner-bg fill\" >\n            <div class=\"bg fill bg-fill \"><\/div>\n                                    \n                    <\/div>\n        <div class=\"banner-layers container\">\n            <div class=\"fill banner-link\"><\/div>            \n\n   <div id=\"text-box-1679551450\" class=\"text-box banner-layer x50 md-x50 lg-x50 y50 md-y50 lg-y50 res-text\">\n                                <div class=\"text-box-content text dark\">\n              \n              <div class=\"text-inner text-center\">\n                  \n\n<h1 class=\"uppercase\"><strong>TURNO SABATINO<\/strong><\/h1>\n<div class=\"is-divider divider clearfix\" ><\/div>\n\n<p><H3>Clases solo los s\u00e1bados de 8 am a 3 pm<\/H3><\/p>\n\n              <\/div>\n           <\/div>\n                            \n<style>\n#text-box-1679551450 {\n  width: 82%;\n}\n#text-box-1679551450 .text-box-content {\n  font-size: 100%;\n}\n<\/style>\n    <\/div>\n \n\n        <\/div>\n      <\/div>\n\n            \n<style>\n#banner-1117634141 {\n  padding-top: 160px;\n  background-color: rgb(39, 130, 0);\n}\n<\/style>\n  <\/div>\n\n\n\n\t\t<\/div>\n\t\t\t\t\t<\/div>\n\n\t\n\n\t<div id=\"col-1279768757\" class=\"col medium-3 small-6 large-3\"  >\n\t\t\t\t<div class=\"col-inner\"  >\n\t\t\t\n\t\t\t\n\n\n  <div class=\"banner has-hover\" id=\"banner-851331041\">\n          <div class=\"banner-inner fill\">\n        <div class=\"banner-bg fill\" >\n            <div class=\"bg fill bg-fill \"><\/div>\n                                    \n                    <\/div>\n        <div class=\"banner-layers container\">\n            <div class=\"fill banner-link\"><\/div>            \n\n   <div id=\"text-box-30701322\" class=\"text-box banner-layer x50 md-x50 lg-x50 y50 md-y50 lg-y50 res-text\">\n                                <div class=\"text-box-content text dark\">\n              \n              <div class=\"text-inner text-center\">\n                  \n\n<h1 class=\"uppercase\" style=\"text-align: center;\"><strong>TURNO dominical<\/strong><\/h1>\n<div id=\"gtx-trans\" style=\"position: absolute; left: 466px; top: 51.3594px;\">\n<div class=\"gtx-trans-icon\">\u00a0<\/div>\n<\/div>\n<div class=\"is-divider divider clearfix\" ><\/div>\n\n<h3>Clases solo los domingos de 8 am a 3 pm<\/h3>\n<div id=\"gtx-trans\" style=\"position: absolute; left: 141px; top: 47.1562px;\">\n<div class=\"gtx-trans-icon\">\u00a0<\/div>\n<\/div>\n\n              <\/div>\n           <\/div>\n                            \n<style>\n#text-box-30701322 {\n  width: 80%;\n}\n#text-box-30701322 .text-box-content {\n  font-size: 100%;\n}\n<\/style>\n    <\/div>\n \n\n        <\/div>\n      <\/div>\n\n            \n<style>\n#banner-851331041 {\n  padding-top: 160px;\n  background-color: rgb(39, 130, 0);\n}\n<\/style>\n  <\/div>\n\n\n\n\t\t<\/div>\n\t\t\t\t\t<\/div>\n\n\t\n\n<\/div>\n<div class=\"row\"  id=\"row-719889220\">\n\n\n\t<div id=\"col-1740563707\" class=\"col small-12 large-12\"  >\n\t\t\t\t<div class=\"col-inner\"  >\n\t\t\t\n\t\t\t\n\n<div class=\"container section-title-container\" ><h3 class=\"section-title section-title-normal\"><b><\/b><span class=\"section-title-main\" >Objetivo general de la carrera<\/span><b><\/b><\/h3><\/div>\n\n<p style=\"text-align: center;\">Formar profesionales con un enfoque interdisciplinario y capacidad para analizar, dise\u00f1ar, gestionar, ejecutar y evaluar programas que potencien las capacidades f\u00edsicas, psicol\u00f3gicas y sociales de las personas a medida que envejecen, para su desarrollo integral en el marco de la comunidad, las instituciones p\u00fablicas y privadas, y de la sociedad civil, con perspectiva de g\u00e9nero e interculturalidad.<\/p>\n\n\t\t<\/div>\n\t\t\t\t\t<\/div>\n\n\t\n\n<\/div>\n<div class=\"container section-title-container\" ><h3 class=\"section-title section-title-center\"><b><\/b><span class=\"section-title-main\" >plan de estudios<\/span><b><\/b><\/h3><\/div>\n\n\t<div id=\"text-1064509270\" class=\"text\">\n\t\t\n\n<h3 class=\"uppercase\">estudia en 7 CUATRIMESTRES<\/h3>\n<p>Conoce nuestro plan de estudios de 2.5 A\u00d1OS<\/p>\n\t\t\n<style>\n#text-1064509270 {\n  text-align: center;\n}\n<\/style>\n\t<\/div>\n\t\n<div class=\"row\"  id=\"row-604597701\">\n\n\n\t<div id=\"col-1242438769\" class=\"col medium-4 small-12 large-4\"  >\n\t\t\t\t<div class=\"col-inner\"  >\n\t\t\t\n\t\t\t\n\n<p><strong>PRIMER CUATRIMESTRE<\/strong><\/p>\n<div>\u00a0<\/div>\n<div>\n<ul>\n<li>Multidimensionalidad del Envejecimiento<\/li>\n<li>Tecnolog\u00edas de la Informaci\u00f3n y<\/li>\n<li>Comunicaci\u00f3n<\/li>\n<li>\u00c9tica y Formaci\u00f3n Ciudadana<\/li>\n<li>Fundamentos del Desarrollo Comunitario<\/li>\n<li>Introducci\u00f3n a la Gesti\u00f3n Social<\/li>\n<li>Introducci\u00f3n a la Promoci\u00f3n de la Salud<\/li>\n<\/ul>\n<\/div>\n\n\t\t<\/div>\n\t\t\t\t\t<\/div>\n\n\t\n\n\t<div id=\"col-968475266\" class=\"col medium-4 small-12 large-4\"  >\n\t\t\t\t<div class=\"col-inner\"  >\n\t\t\t\n\t\t\t\n\n<div><strong>SEGUNDO CUATRIMESTRE<\/strong><\/div>\n<div>\u00a0<\/div>\n<div>\n<ul>\n<li>Aspectos Jur\u00eddicos, Pol\u00edticos y Econ\u00f3micos del Envejecimiento<\/li>\n<li>Construcci\u00f3n Social del G\u00e9nero<\/li>\n<li>Formaci\u00f3n Grupal, An\u00e1lisis y Diagn\u00f3stico de la Comunidad<\/li>\n<li>Fundamentos Filos\u00f3ficos y Metodol\u00f3gicos de la Investigaci\u00f3n<\/li>\n<li>Teor\u00edas Gerontol\u00f3gicas<\/li>\n<\/ul>\n<\/div>\n\n\t\t<\/div>\n\t\t\t\t\t<\/div>\n\n\t\n\n\t<div id=\"col-1150814994\" class=\"col medium-4 small-12 large-4\"  >\n\t\t\t\t<div class=\"col-inner\"  >\n\t\t\t\n\t\t\t\n\n<div><strong>TERCER CUATRIMESTRE<\/strong><\/div>\n<div>\u00a0<\/div>\n<div>\n<ul>\n<li>Desarrollo Comunitario y envejecimiento<\/li>\n<li>Gesti\u00f3n Social y Envejecimiento<\/li>\n<li>Construcci\u00f3n del Envejecimiento Saludable<\/li>\n<li>Enfoques Educativos para Personas que Envejecen<\/li>\n<li>G\u00e9nero y Envejecimiento<\/li>\n<li>Multiculturalismo<\/li>\n<\/ul>\n<\/div>\n\n\t\t<\/div>\n\t\t\t\t\t<\/div>\n\n\t\n\n<\/div>\n<div class=\"row\"  id=\"row-1205922948\">\n\n\n\t<div id=\"col-1690767236\" class=\"col medium-4 small-12 large-4\"  >\n\t\t\t\t<div class=\"col-inner\"  >\n\t\t\t\n\t\t\t\n\n<div><strong>CUARTO CUATRIMESTRE<\/strong><\/div>\n<div>\u00a0<\/div>\n<div>\n<ul>\n<li>Planeaci\u00f3n Participativa para el Desarrollo Comunitario<\/li>\n<li>Investigaci\u00f3n del Envejecimiento en la\u00a0Comunidad<\/li>\n<li>Gerontolog\u00eda Comunitaria<\/li>\n<li>Buenas Pr\u00e1cticas de Desarrollo Comunitario<\/li>\n<li>Formas de Organizaci\u00f3n Social y Gesti\u00f3n<\/li>\n<li>Promoci\u00f3n del Envejecimiento Saludable<\/li>\n<\/ul>\n<\/div>\n\n\t\t<\/div>\n\t\t\t\t\t<\/div>\n\n\t\n\n\t<div id=\"col-476962218\" class=\"col medium-4 small-12 large-4\"  >\n\t\t\t\t<div class=\"col-inner\"  >\n\t\t\t\n\t\t\t\n\n<div><strong>QUINTO CUATRIMESTRE<\/strong><\/div>\n<div>\u00a0<\/div>\n<div>\n<ul>\n<li>Intervenci\u00f3n Socioeducativa<\/li>\n<li>Intervenci\u00f3n Comunitaria<\/li>\n<li>An\u00e1lisis de Resultados de Investigaci\u00f3n<\/li>\n<li>Programas Educativos Comunitarios<\/li>\n<li>Metodolog\u00edas Participativas<\/li>\n<li>Evaluaci\u00f3n y Seguimiento de Proyectos Comunitarios<\/li>\n<\/ul>\n<\/div>\n\n\t\t<\/div>\n\t\t\t\t\t<\/div>\n\n\t\n\n\t<div id=\"col-590011157\" class=\"col medium-4 small-12 large-4\"  >\n\t\t\t\t<div class=\"col-inner\"  >\n\t\t\t\n\t\t\t\n\n<div><strong>SEXTO CUATRIMESTRE<\/strong><\/div>\n<div>\u00a0<\/div>\n<div>\n<ul>\n<li>Asociaciones y Sociedades Civiles<\/li>\n<li>Procuraci\u00f3n de Fondos<\/li>\n<li>An\u00e1lisis de Necesidades en Salud Integral<\/li>\n<li>Teor\u00edas del Envejecimiento<\/li>\n<li>Perspectiva de G\u00e9nero<\/li>\n<\/ul>\n<\/div>\n\n\t\t<\/div>\n\t\t\t\t\t<\/div>\n\n\t\n\n<\/div>\n<div class=\"row\"  id=\"row-973171792\">\n\n\n\t<div id=\"col-114191690\" class=\"col medium-4 small-12 large-4\"  >\n\t\t\t\t<div class=\"col-inner\"  >\n\t\t\t\n\t\t\t\n\n<div><strong>SEPTIMO CUATRIMESTRE<\/strong><\/div>\n<div>\u00a0<\/div>\n<div>\n<ul>\n<li>Habilidades y Destrezas en la Comunicaci\u00f3n<\/li>\n<li>Derechos Humanos<\/li>\n<li>Aspectos Econ\u00f3micos del Envejecimiento<\/li>\n<li>Familia y Envejecimiento<\/li>\n<li>Sociodemograf\u00eda y Envejecimiento<\/li>\n<\/ul>\n<\/div>\n\n\t\t<\/div>\n\t\t\t\t\t<\/div>\n\n\t\n\n\t<div id=\"col-418331061\" class=\"col medium-4 small-12 large-4\"  >\n\t\t\t\t<div class=\"col-inner\"  >\n\t\t\t\n\t\t\t\n\n\n\t\t<\/div>\n\t\t\t\t\t<\/div>\n\n\t\n\n\t<div id=\"col-2092220229\" class=\"col medium-4 small-12 large-4\"  >\n\t\t\t\t<div class=\"col-inner\"  >\n\t\t\t\n\t\t\t\n\n\n\t\t<\/div>\n\t\t\t\t\t<\/div>\n\n\t\n\n<\/div>\n<div class=\"text-center\"><div class=\"is-divider divider clearfix\" style=\"max-width:200px;background-color:rgb(41, 153, 25);\"><\/div><\/div>\n\n<div class=\"row\"  id=\"row-1209006363\">\n\n\n\t<div id=\"col-1448716574\" class=\"col small-12 large-12\"  >\n\t\t\t\t<div class=\"col-inner\"  >\n\t\t\t\n\t\t\t\n\n\n\t\t<div class=\"tabbed-content\">\n\t\t\t<h4 class=\"uppercase text-left\">PERFIL DE EGRESO<\/h4>\n\t\t\t<ul class=\"nav nav-pills nav-uppercase nav-size-normal nav-left\"><li class=\"tab active has-icon\"><a href=\"#tab_conocimientos\"><span>CONOCIMIENTOS<\/span><\/a><\/li>\n<li class=\"tab has-icon\"><a href=\"#tab_habilidades\"><span>HABILIDADES<\/span><\/a><\/li>\n<li class=\"tab has-icon\"><a href=\"#tab_actitudes\"><span>ACTITUDES<\/span><\/a><\/li>\n<li class=\"tab has-icon\"><a href=\"#tab_destrezas\"><span>DESTREZAS<\/span><\/a><\/li><\/ul><div class=\"tab-panels\"><div class=\"panel active entry-content\" id=\"tab_conocimientos\">\n\n<ul>\n<li>Dise\u00f1o de modelos y estrategias para la generaci\u00f3n de programas y proyectos de desarrollo\u00a0comunitario, gesti\u00f3n social, promoci\u00f3n de la salud, gerontolog\u00eda y educaci\u00f3n para el\u00a0desarrollo integral de las personas en proceso de envejecimiento<\/li>\n<li>Planeaci\u00f3n, desarrollo y evaluaci\u00f3n de proyectos y programas de intervenci\u00f3n con personas\u00a0en proceso de envejecimiento<\/li>\n<li>Metodolog\u00edas de investigaci\u00f3n<\/li>\n<li>Construcci\u00f3n y an\u00e1lisis y de datos para generar conocimiento en materia de desarrollo social\u00a0y envejecimiento<\/li>\n<li>Dise\u00f1o de instrumentos y estrategias para el diagn\u00f3stico, coordinaci\u00f3n, desarrollo, evaluaci\u00f3n y seguimiento de programas y pol\u00edticas vinculadas con el envejecimiento<\/li>\n<li>Teor\u00edas de la gesti\u00f3n social aplicadas al funcionamiento de organizaciones de la sociedad civil<\/li>\n<li>Metodolog\u00edas y estrategias para la gesti\u00f3n social<\/li>\n<li>Marcos jur\u00eddicos nacionales e internacionales en materia de envejecimiento<\/li>\n<li>Modelos y estrategias para promover la participaci\u00f3n social y ciudadana de las personas en\u00a0proceso de envejecimiento en el \u00e1mbito p\u00fablico y privado y en organizaciones de la sociedad\u00a0civil<\/li>\n<li>Planeaci\u00f3n, ejecuci\u00f3n y evaluaci\u00f3n de proyectos y programas de gesti\u00f3n social, en los\u00a0diferentes niveles de gobierno (municipal, estatal y federal).<\/li>\n<li>Instrumentos y estrategias para el diagn\u00f3stico, coordinaci\u00f3n, desarrollo, evaluaci\u00f3n y\u00a0seguimiento de programas y pol\u00edticas vinculadas con la gesti\u00f3n social<\/li>\n<li>Estrategias para la procuraci\u00f3n de fondos<\/li>\n<\/ul>\n<p>.<\/p>\n\n<\/div>\n<div class=\"panel entry-content\" id=\"tab_habilidades\">\n\n<ul>\n<li>Realizar an\u00e1lisis transversales de g\u00e9nero y de diversidad cultural en la pr\u00e1ctica profesional<\/li>\n<li>Intervenir en procesos de desarrollo comunitario, gesti\u00f3n social, promoci\u00f3n de la salud y\u00a0educaci\u00f3n con personas en proceso de envejecimiento<\/li>\n<li>Analizar pol\u00edticas p\u00fablicas enfocadas a la atenci\u00f3n de las personas en proceso de\u00a0envejecimiento<\/li>\n<li>Impulsar procesos de consulta y debate como elementos clave para fortalecer la esfera\u00a0p\u00fablica, construir ciudadan\u00eda y favorecer la pertinencia de las pol\u00edticas y programas sociales\u00a0vinculados con el envejecimiento<\/li>\n<li>Coordinar equipos de trabajo multi e interdisciplinarios<\/li>\n<li>Crear y dirigir asociaciones y sociedades civiles para el desarrollo integral de las personas a\u00a0medida que envejecen<\/li>\n<li>Desarrollar proyectos profesionales independientes para el desarrollo comunitario y gesti\u00f3n\u00a0social del envejecimiento<\/li>\n<li>Plantear soluciones pertinentes e integrales a los problemas y retos emergentes del\u00a0envejecimiento<\/li>\n<li>Identificar y fortalecer liderazgos positivos<\/li>\n<li>Ubicarse en espacios laborales en los \u00e1mbitos comunitario e institucional<\/li>\n<li>Fomentar procesos participativos<\/li>\n<li>Dialogar y negociar en el contexto de la gesti\u00f3n social y el desarrollo comunitario<\/li>\n<\/ul>\n\n<\/div>\n<div class=\"panel entry-content\" id=\"tab_actitudes\">\n\n<ul>\n<li>S\u00f3lida vocaci\u00f3n de servicio hacia el ser humano y la sociedad<\/li>\n<li>Facilidad de trato social y en equipo<\/li>\n<li>Competencias y destrezas para enfrentar situaciones dif\u00edciles y capacidad para tomar decisiones<\/li>\n<li>Anal\u00edtica, cr\u00edtica e innovadora<\/li>\n<li>Esp\u00edritu negociador y conciliador<\/li>\n<li>Propositiva<\/li>\n<li>Asertiva<\/li>\n<li>\u00c9tica en su desempe\u00f1o profesional<\/li>\n<li>Disposici\u00f3n para el trabajo individual y colectivo inter y multidisciplinario<\/li>\n<\/ul>\n\n<\/div>\n<div class=\"panel entry-content\" id=\"tab_destrezas\">\n\n<ul>\n<li>Impulsar el desarrollo de las capacidades productivas de las personas en proceso de\u00a0envejecimiento<\/li>\n<li>Fomentar la participaci\u00f3n de la sociedad civil, la academia y la iniciativa privada para una\u00a0gesti\u00f3n eficiente<\/li>\n<li>Aprovechar los recursos disponibles en la b\u00fasqueda de un \u00f3ptimo impacto de los procesos\u00a0de gesti\u00f3n<\/li>\n<li>Evaluar pol\u00edticas p\u00fablicas y programas de desarrollo social<\/li>\n<li>Analizar la congruencia entre los servicios y las necesidades y demandas de las personas en\u00a0proceso de envejecimiento<\/li>\n<li>Crear y dirigir asociaciones y sociedades civiles para el desarrollo integral de las personas a\u00a0medida que envejecen<\/li>\n<li>Consolidar asociaciones y sociedades civiles enfocadas en el envejecimiento<\/li>\n<li>Realizar proyectos profesionales independientes para la gesti\u00f3n social en materia de\u00a0envejecimiento<\/li>\n<li>Procurar fondos en los \u00e1mbitos nacional e internacional<\/li>\n<li>Crear programas sociales innovadores<\/li>\n<li>Negociar en el marco de la gesti\u00f3n social<\/li>\n<\/ul>\n\n<\/div><\/div><\/div>\n\n\t\t<\/div>\n\t\t\t\t\t<\/div>\n\n\t\n\n<\/div>\n<div class=\"text-center\"><div class=\"is-divider divider clearfix\" style=\"max-width:60px;background-color:rgb(11, 145, 24);\"><\/div><\/div>\n\n<div class=\"message-box relative dark\" style=\"padding-top:32px;padding-bottom:32px;\"><div class=\"message-box-bg-image bg-fill fill\" ><\/div><div class=\"message-box-bg-overlay bg-fill fill\" style=\"background-color:rgb(1, 119, 43);\"><\/div><div class=\"container relative\"><div class=\"inner last-reset\">\n\n<div class=\"row align-middle align-center\"  id=\"row-624058814\">\n\n\n\t<div id=\"col-382331089\" class=\"col medium-7 small-12 large-7\"  >\n\t\t\t\t<div class=\"col-inner\"  >\n\t\t\t\n\t\t\t\n\n\t<div id=\"text-3665939442\" class=\"text\">\n\t\t\n\n<h4>Inscripciones abiertas para los ciclos de enero, mayo y septiembre de cada a\u00f1o.<\/h4>\n\t\t\n<style>\n#text-3665939442 {\n  text-align: center;\n}\n<\/style>\n\t<\/div>\n\t\n\n\t\t<\/div>\n\t\t\t\t\t<\/div>\n\n\t\n\n\t<div id=\"col-260729538\" class=\"col medium-4 small-12 large-4\"  >\n\t\t\t\t<div class=\"col-inner text-center\"  >\n\t\t\t\n\t\t\t\n\n<a href=\"https:\/\/www.univas.com.mx\/es\/product\/inscripcion-universidad-presencial\/\" target=\"_self\" class=\"button white is-outline\"  style=\"border-radius:99px;\">\n    <span>INSCR\u00cdBETE AQU\u00cd<\/span>\n  <\/a>\n\n\n\n\t\t<\/div>\n\t\t\t\t\t<\/div>\n\n\t\n\n<\/div>\n\n<\/div><\/div><\/div>\n\n","protected":false},"excerpt":{"rendered":"\u00a0 \u00a0 \u00a0 \u00a0 licenciatura en Desarrollo humano y envejecimiento Estudia tu carrera en solo 2.5 a\u00f1os ESTUDIALA EN SOLO SIETE CUATRIMESTRES TURNO MATUTINO Clases de lunes a jueves de 8 am a 1 pm \u00a0 TURNO NOCTURNO Clases de lunes a jueves de 6:30 pm a 9:30 pm TURNO SABATINO Clases solo los s\u00e1bados [...]","protected":false},"author":54,"featured_media":0,"parent":0,"menu_order":0,"comment_status":"closed","ping_status":"closed","template":"page-blank.php","meta":{"footnotes":""},"class_list":["post-3981","page","type-page","status-publish","hentry"],"_links":{"self":[{"href":"https:\/\/www.univas.com.mx\/es\/wp-json\/wp\/v2\/pages\/3981","targetHints":{"allow":["GET"]}}],"collection":[{"href":"https:\/\/www.univas.com.mx\/es\/wp-json\/wp\/v2\/pages"}],"about":[{"href":"https:\/\/www.univas.com.mx\/es\/wp-json\/wp\/v2\/types\/page"}],"author":[{"embeddable":true,"href":"https:\/\/www.univas.com.mx\/es\/wp-json\/wp\/v2\/users\/54"}],"replies":[{"embeddable":true,"href":"https:\/\/www.univas.com.mx\/es\/wp-json\/wp\/v2\/comments?post=3981"}],"version-history":[{"count":9,"href":"https:\/\/www.univas.com.mx\/es\/wp-json\/wp\/v2\/pages\/3981\/revisions"}],"predecessor-version":[{"id":4096,"href":"https:\/\/www.univas.com.mx\/es\/wp-json\/wp\/v2\/pages\/3981\/revisions\/4096"}],"wp:attachment":[{"href":"https:\/\/www.univas.com.mx\/es\/wp-json\/wp\/v2\/media?parent=3981"}],"curies":[{"name":"wp","href":"https:\/\/api.w.org\/{rel}","templated":true}]}}